{"id":2,"date":"2019-01-09T16:04:19","date_gmt":"2019-01-09T15:04:19","guid":{"rendered":"https:\/\/daziano.fr\/?page_id=2"},"modified":"2019-02-19T00:39:02","modified_gmt":"2019-02-18T23:39:02","slug":"page-d-exemple","status":"publish","type":"page","link":"https:\/\/daziano.fr\/?page_id=2","title":{"rendered":"Qui sommes nous?"},"content":{"rendered":"\n<p>Notre fondateur Jean DAZIANO cr\u00e9\u00e9 en 1969 une soci\u00e9t\u00e9 de transport routier dans le Var, depuis l&#8217;achat des premiers camions, l&#8217;entreprise n&#8217;a cess\u00e9 de cro\u00eetre et se transmettre de p\u00e8re en fils.<\/p>\n\n\n\n<div class=\"wp-block-image\"><figure class=\"aligncenter\"><img decoding=\"async\" loading=\"lazy\" width=\"960\" height=\"624\" src=\"https:\/\/daziano.fr\/wp-content\/uploads\/2019\/01\/28166274_10215911623292417_6055367531749807523_n.jpg\" alt=\"\" class=\"wp-image-224\" srcset=\"https:\/\/daziano.fr\/wp-content\/uploads\/2019\/01\/28166274_10215911623292417_6055367531749807523_n.jpg 960w, https:\/\/daziano.fr\/wp-content\/uploads\/2019\/01\/28166274_10215911623292417_6055367531749807523_n-300x195.jpg 300w, https:\/\/daziano.fr\/wp-content\/uploads\/2019\/01\/28166274_10215911623292417_6055367531749807523_n-768x499.jpg 768w\" sizes=\"(max-width: 960px) 100vw, 960px\" \/><\/figure><\/div>\n\n\n\n<p>Aujourd&#8217;hui la troisi\u00e8me g\u00e9n\u00e9ration \u00e0 pris le relais, l&#8217;actuel dirigeant DAZIANO Lionel prend la suite de son p\u00e8re d\u00e8s 1987 et d\u00e9veloppe l&#8217;entreprise familiale jusqu&#8217;aux Transports DAZIANO actuels.<\/p>\n\n\n\n<blockquote class=\"wp-block-quote\"><p>Depuis, un esprit nouveau s\u2019est ralli\u00e9 \u00e0 la tradition d\u2019un travail bien fait, \u00e0 l\u2019exp\u00e9rience, au respect du client et des engagements pris, et cela depuis pr\u00e8s de trois g\u00e9n\u00e9rations. Pour toutes ces raisons, notre \u00e9quipe met \u00e0 votre disposition l\u2019exp\u00e9rience et la souplesse d\u2019une structure artisanale. <\/p><p>Notre soci\u00e9t\u00e9 est pr\u00e9sente sur le march\u00e9 du transport routier depuis 1969 et tout particuli\u00e8rement dans notre r\u00e9gion avec de s\u00e9rieuses et solides r\u00e9f\u00e9rences. <\/p><\/blockquote>\n\n\n\n<div class=\"wp-block-image\"><figure class=\"aligncenter\"><img decoding=\"async\" loading=\"lazy\" width=\"405\" height=\"576\" src=\"https:\/\/daziano.fr\/wp-content\/uploads\/2019\/02\/photo-couverture-Officiel-des-transporteurs-daziano-camion-orange.png\" alt=\"\" class=\"wp-image-293\" srcset=\"https:\/\/daziano.fr\/wp-content\/uploads\/2019\/02\/photo-couverture-Officiel-des-transporteurs-daziano-camion-orange.png 405w, https:\/\/daziano.fr\/wp-content\/uploads\/2019\/02\/photo-couverture-Officiel-des-transporteurs-daziano-camion-orange-211x300.png 211w\" sizes=\"(max-width: 405px) 100vw, 405px\" \/><\/figure><\/div>\n\n\n\n<p>Notre \u00e9quipe logistique a su \u00e9voluer et aujourd\u2019hui nous sommes capable de g\u00e9rer les pics saisonniers auxquels nous sommes confront\u00e9, qui font la particularit\u00e9 de notre r\u00e9gion.<\/p>\n\n\n\n<blockquote class=\"wp-block-quote\"><p>Nous faisons parti du r\u00e9seau EVOLUTRANS depuis 1999, ce qui nous permet, tout en gardant une totale ind\u00e9pendance, d\u2019avoir des correspondants tri\u00e9s sur le volet dans toute la France. Ayant tout d\u2019abord rempli les crit\u00e8res financiers, de qualit\u00e9, et d\u2019honorabilit\u00e9 et adh\u00e9r\u00e9 au cahier des charges, le principe du r\u00e9seau \u00e9tant, par le biais d\u2019une entreprise adh\u00e9rente, de pouvoir proposer \u00e0 ses clients une repr\u00e9sentation dans tous les d\u00e9partements de l\u2019hexagone, et des correspondants dans les diff\u00e9rents pays d\u2019Europe. <\/p><p>Nous pouvons \u00e9galement proposer \u00e0 nos clients des entrep\u00f4ts partout en France pour des quantit\u00e9s et des dur\u00e9es variables selon vos besoins. De plus, nous avons d\u00e9velopp\u00e9 au du r\u00e9seau \u00c9VOLUTRANS, l&#8217;offre &#8220;VOLUPAL&#8221;, dont vous trouverez la plaquette ci-jointe, qui consiste \u00e0 livrer des quantit\u00e9s allant de 1 \u00e0 6 palettes.<\/p><cite><br><\/cite><\/blockquote>\n\n\n\n<figure class=\"wp-block-image\"><img decoding=\"async\" loading=\"lazy\" width=\"931\" height=\"557\" src=\"https:\/\/daziano.fr\/wp-content\/uploads\/2019\/02\/image-camion-daziano-evolutrans.png\" alt=\"\" class=\"wp-image-274\" srcset=\"https:\/\/daziano.fr\/wp-content\/uploads\/2019\/02\/image-camion-daziano-evolutrans.png 931w, https:\/\/daziano.fr\/wp-content\/uploads\/2019\/02\/image-camion-daziano-evolutrans-300x179.png 300w, https:\/\/daziano.fr\/wp-content\/uploads\/2019\/02\/image-camion-daziano-evolutrans-768x459.png 768w\" sizes=\"(max-width: 931px) 100vw, 931px\" \/><\/figure>\n","protected":false},"excerpt":{"rendered":"<p>Notre fondateur Jean DAZIANO cr\u00e9\u00e9 en 1969 une soci\u00e9t\u00e9 de transport routier dans le Var, depuis l&#8217;achat des premiers camions, l&#8217;entreprise n&#8217;a cess\u00e9 de cro\u00eetre et se transmettre de p\u00e8re en fils. Aujourd&#8217;hui la troisi\u00e8me g\u00e9n\u00e9ration \u00e0 pris le relais, l&#8217;actuel dirigeant DAZIANO Lionel prend la suite de son p\u00e8re d\u00e8s 1987 et d\u00e9veloppe l&#8217;entreprise [&hellip;]<\/p>\n","protected":false},"author":1,"featured_media":0,"parent":0,"menu_order":0,"comment_status":"closed","ping_status":"open","template":"","meta":{"spay_email":""},"aioseo_notices":[],"jetpack_sharing_enabled":true,"jetpack_shortlink":"https:\/\/wp.me\/PaEk2u-2","_links":{"self":[{"href":"https:\/\/daziano.fr\/index.php?rest_route=\/wp\/v2\/pages\/2"}],"collection":[{"href":"https:\/\/daziano.fr\/index.php?rest_route=\/wp\/v2\/pages"}],"about":[{"href":"https:\/\/daziano.fr\/index.php?rest_route=\/wp\/v2\/types\/page"}],"author":[{"embeddable":true,"href":"https:\/\/daziano.fr\/index.php?rest_route=\/wp\/v2\/users\/1"}],"replies":[{"embeddable":true,"href":"https:\/\/daziano.fr\/index.php?rest_route=%2Fwp%2Fv2%2Fcomments&post=2"}],"version-history":[{"count":10,"href":"https:\/\/daziano.fr\/index.php?rest_route=\/wp\/v2\/pages\/2\/revisions"}],"predecessor-version":[{"id":296,"href":"https:\/\/daziano.fr\/index.php?rest_route=\/wp\/v2\/pages\/2\/revisions\/296"}],"wp:attachment":[{"href":"https:\/\/daziano.fr\/index.php?rest_route=%2Fwp%2Fv2%2Fmedia&parent=2"}],"curies":[{"name":"wp","href":"https:\/\/api.w.org\/{rel}","templated":true}]}}